{"id":93969,"date":"2026-08-31T14:14:25","date_gmt":"2026-08-31T14:14:25","guid":{"rendered":"https:\/\/kempower.com\/?post_type=whitepaper&#038;p=93969"},"modified":"2026-08-31T14:14:26","modified_gmt":"2026-08-31T14:14:26","slug":"letat-de-la-recharge-publique-en-europe","status":"publish","type":"whitepaper","link":"https:\/\/kempower.com\/fr\/whitepaper\/letat-de-la-recharge-publique-en-europe\/","title":{"rendered":"L&rsquo;\u00e9tat de la recharge publique en Europe"},"content":{"rendered":"\n<section class=\"block block-hero container-fluid bg-hero text-on-left  style-tall video-\"\n  >\n\n  <div class=\"container\">\n\n    <div class=\"mobile-image-container\"\n      >\n      <div class=\"gradient\"><\/div>\n    <\/div>\n\n    <div class=\"desktop-image-container\"\n      style=\"background-image: url(https:\/\/earj6jxwkhd.exactdn.com\/wp-content\/uploads\/2026\/04\/kempower_july2025_emrc-8.jpg?strip=all)\">\n      <div class=\"gradient\"><\/div>\n    <\/div>\n\n    \n    <div class=\"main-column\">\n      <main class=\"entry-content post-type-whitepaper\">\n\n        \n        \n\n<h1 id=\"h-l-etat-de-la-recharge-publique-en-europe\" class=\"wp-block-heading\"><strong>L&rsquo;\u00e9tat de la recharge publique en Europe<\/strong><\/h1>\n\n\n\n<p class=\"is-style-default wp-block-paragraph\">Publi\u00e9 le 31 ao\u00fbt 2026<\/p>\n\n\n\n      <\/main>\n    <\/div>\n\n          <button class=\"scroll-hint\">\n        <img loading=\"lazy\" decoding=\"async\" src=\"https:\/\/earj6jxwkhd.exactdn.com\/wp-content\/themes\/kempower-2022\/dist\/images\/icons\/Icon_Arrow_Down.svg\"\n          alt=\"Faire d\u00e9filer jusqu\u2019\u00e0 la section suivante\"\n          width=\"39\"\n          height=\"32\"\n          loading=\"lazy\" \/>\n      <\/button>\n      \n  <\/div>\n<\/section>\n\n\n\n<section class=\"block block-content-wrapper container-fluid bg-white wide\"\n    >\n    <div class=\"container\">\n        <div class=\"row\">\n            <div class=\"col-12\">\n                <main class=\"entry-content mx-auto\">\n                    \n\n<h1 class=\"wp-block-heading has-text-align-center\" id=\"h-kempower-charging-intelligence-l-etat-de-la-recharge-publique-en-europe\">Kempower Charging Intelligence &#8211;  L&rsquo;\u00e9tat de la recharge publique en Europe<\/h1>\n\n\n\n<h3 class=\"wp-block-heading has-text-align-center\" id=\"h-kempower-presente-4-ans-de-donnees-reelles-sur-la-recharge-de-vehicules-electriques-dans-11-pays-europeens-analysees-pour-reveler-ou-les-opportunites-sont-les-plus-importantes-et-ce-qu-il-faut-pour-s-imposer-sur-le-marche\">Kempower pr\u00e9sente 4 ans de donn\u00e9es r\u00e9elles sur la recharge de v\u00e9hicules \u00e9lectriques dans 11 pays europ\u00e9ens, analys\u00e9es pour r\u00e9v\u00e9ler o\u00f9 les<br>opportunit\u00e9s sont les plus importantes et ce qu&rsquo;il faut pour s&rsquo;imposer sur le march\u00e9.<\/h3>\n\n\n\n<p class=\"has-text-align-center is-style-lead wp-block-paragraph\">Remplissez le formulaire pour acc\u00e9der au livre blanc.<\/p>\n\n\n\n<div class=\"wp-block-leadin-hubspot-form-block\">\n\t\t\t\t\t\t<script>\n\t\t\t\t\t\t\twindow.hsFormsOnReady = window.hsFormsOnReady || [];\n\t\t\t\t\t\t\twindow.hsFormsOnReady.push(()=>{\n\t\t\t\t\t\t\t\thbspt.forms.create({\n\t\t\t\t\t\t\t\t\tportalId: 25508112,\n\t\t\t\t\t\t\t\t\tformId: \"0da7306d-d85f-45f6-bd9e-eafa03232a11\",\n\t\t\t\t\t\t\t\t\ttarget: \"#hbspt-form-1788397766000-0409251623\",\n\t\t\t\t\t\t\t\t\tregion: \"eu1\",\n\t\t\t\t\t\t\t\t\t\n\t\t\t\t\t\t\t})});\n\t\t\t\t\t\t<\/script>\n\t\t\t\t\t\t<div class=\"hbspt-form\" id=\"hbspt-form-1788397766000-0409251623\"><\/div><\/div>\n\n\n                <\/main>\n            <\/div>\n        <\/div>\n    <\/div>\n<\/section>\n\n","protected":false},"excerpt":{"rendered":"","protected":false},"featured_media":90868,"template":"","tags":[],"class_list":["post-93969","whitepaper","type-whitepaper","status-publish","has-post-thumbnail","hentry"],"acf":[],"yoast_head":"<!-- This site is optimized with the Yoast SEO Premium plugin v28.3 (Yoast SEO v28.3) - https:\/\/yoast.com\/product\/yoast-seo-premium-wordpress\/ -->\n<title>L&#039;\u00e9tat de la recharge publique en Europe - Kempower<\/title>\n<meta name=\"robots\" content=\"index, follow, max-snippet:-1, max-image-preview:large, max-video-preview:-1\" \/>\n<link rel=\"canonical\" href=\"https:\/\/kempower.com\/fr\/whitepaper\/letat-de-la-recharge-publique-en-europe\/\" \/>\n<meta property=\"og:locale\" content=\"fr_FR\" \/>\n<meta property=\"og:type\" content=\"article\" \/>\n<meta property=\"og:title\" content=\"L&#039;\u00e9tat de la recharge publique en Europe\" \/>\n<meta property=\"og:url\" content=\"https:\/\/kempower.com\/fr\/whitepaper\/letat-de-la-recharge-publique-en-europe\/\" \/>\n<meta property=\"og:site_name\" content=\"Kempower\" \/>\n<meta property=\"article:publisher\" content=\"https:\/\/www.facebook.com\/kempowerfi\/\" \/>\n<meta property=\"article:modified_time\" content=\"2026-08-31T14:14:26+00:00\" \/>\n<meta property=\"og:image\" content=\"https:\/\/kempower.com\/wp-content\/uploads\/2026\/04\/kempower_july2025_emrc-8.jpg\" \/>\n\t<meta property=\"og:image:width\" content=\"1199\" \/>\n\t<meta property=\"og:image:height\" content=\"800\" \/>\n\t<meta property=\"og:image:type\" content=\"image\/jpeg\" \/>\n<meta name=\"twitter:card\" content=\"summary_large_image\" \/>\n<meta name=\"twitter:site\" content=\"@kempoweroyj\" \/>\n<meta name=\"twitter:label1\" content=\"Dur\u00e9e de lecture estim\u00e9e\" \/>\n\t<meta name=\"twitter:data1\" content=\"4 minutes\" \/>\n<script type=\"application\/ld+json\" class=\"yoast-schema-graph\">{\"@context\":\"https:\\\/\\\/schema.org\",\"@graph\":[{\"@type\":\"WebPage\",\"@id\":\"https:\\\/\\\/kempower.com\\\/fr\\\/whitepaper\\\/letat-de-la-recharge-publique-en-europe\\\/\",\"url\":\"https:\\\/\\\/kempower.com\\\/fr\\\/whitepaper\\\/letat-de-la-recharge-publique-en-europe\\\/\",\"name\":\"L'\u00e9tat de la recharge publique en Europe - Kempower\",\"isPartOf\":{\"@id\":\"https:\\\/\\\/kempower.com\\\/fr\\\/#website\"},\"primaryImageOfPage\":{\"@id\":\"https:\\\/\\\/kempower.com\\\/fr\\\/whitepaper\\\/letat-de-la-recharge-publique-en-europe\\\/#primaryimage\"},\"image\":{\"@id\":\"https:\\\/\\\/kempower.com\\\/fr\\\/whitepaper\\\/letat-de-la-recharge-publique-en-europe\\\/#primaryimage\"},\"thumbnailUrl\":\"https:\\\/\\\/earj6jxwkhd.exactdn.com\\\/wp-content\\\/uploads\\\/2026\\\/04\\\/kempower_july2025_emrc-8.jpg?strip=all\",\"datePublished\":\"2026-08-31T14:14:25+00:00\",\"dateModified\":\"2026-08-31T14:14:26+00:00\",\"breadcrumb\":{\"@id\":\"https:\\\/\\\/kempower.com\\\/fr\\\/whitepaper\\\/letat-de-la-recharge-publique-en-europe\\\/#breadcrumb\"},\"inLanguage\":\"fr-FR\",\"potentialAction\":[{\"@type\":\"ReadAction\",\"target\":[\"https:\\\/\\\/kempower.com\\\/fr\\\/whitepaper\\\/letat-de-la-recharge-publique-en-europe\\\/\"]}]},{\"@type\":\"ImageObject\",\"inLanguage\":\"fr-FR\",\"@id\":\"https:\\\/\\\/kempower.com\\\/fr\\\/whitepaper\\\/letat-de-la-recharge-publique-en-europe\\\/#primaryimage\",\"url\":\"https:\\\/\\\/earj6jxwkhd.exactdn.com\\\/wp-content\\\/uploads\\\/2026\\\/04\\\/kempower_july2025_emrc-8.jpg?strip=all\",\"contentUrl\":\"https:\\\/\\\/earj6jxwkhd.exactdn.com\\\/wp-content\\\/uploads\\\/2026\\\/04\\\/kempower_july2025_emrc-8.jpg?strip=all\",\"width\":1199,\"height\":800},{\"@type\":\"BreadcrumbList\",\"@id\":\"https:\\\/\\\/kempower.com\\\/fr\\\/whitepaper\\\/letat-de-la-recharge-publique-en-europe\\\/#breadcrumb\",\"itemListElement\":[{\"@type\":\"ListItem\",\"position\":1,\"name\":\"Home\",\"item\":\"https:\\\/\\\/kempower.com\\\/fr\\\/\"},{\"@type\":\"ListItem\",\"position\":2,\"name\":\"L&#8217;\u00e9tat de la recharge publique en Europe\"}]},{\"@type\":\"WebSite\",\"@id\":\"https:\\\/\\\/kempower.com\\\/fr\\\/#website\",\"url\":\"https:\\\/\\\/kempower.com\\\/fr\\\/\",\"name\":\"Kempower\",\"description\":\"Powering Planet Cool\",\"publisher\":{\"@id\":\"https:\\\/\\\/kempower.com\\\/fr\\\/#organization\"},\"potentialAction\":[{\"@type\":\"SearchAction\",\"target\":{\"@type\":\"EntryPoint\",\"urlTemplate\":\"https:\\\/\\\/kempower.com\\\/fr\\\/?s={search_term_string}\"},\"query-input\":{\"@type\":\"PropertyValueSpecification\",\"valueRequired\":true,\"valueName\":\"search_term_string\"}}],\"inLanguage\":\"fr-FR\"},{\"@type\":\"Organization\",\"@id\":\"https:\\\/\\\/kempower.com\\\/fr\\\/#organization\",\"name\":\"Kempower Oy\",\"alternateName\":\"Kempower\",\"url\":\"https:\\\/\\\/kempower.com\\\/fr\\\/\",\"logo\":{\"@type\":\"ImageObject\",\"inLanguage\":\"fr-FR\",\"@id\":\"https:\\\/\\\/kempower.com\\\/fr\\\/#\\\/schema\\\/logo\\\/image\\\/\",\"url\":\"https:\\\/\\\/earj6jxwkhd.exactdn.com\\\/wp-content\\\/uploads\\\/2024\\\/04\\\/kp-logo-orangelarge.svg\",\"contentUrl\":\"https:\\\/\\\/earj6jxwkhd.exactdn.com\\\/wp-content\\\/uploads\\\/2024\\\/04\\\/kp-logo-orangelarge.svg\",\"width\":696,\"height\":697,\"caption\":\"Kempower Oy\"},\"image\":{\"@id\":\"https:\\\/\\\/kempower.com\\\/fr\\\/#\\\/schema\\\/logo\\\/image\\\/\"},\"sameAs\":[\"https:\\\/\\\/www.facebook.com\\\/kempowerfi\\\/\",\"https:\\\/\\\/x.com\\\/kempoweroyj\"]}]}<\/script>\n<!-- \/ Yoast SEO Premium plugin. -->","yoast_head_json":{"title":"L'\u00e9tat de la recharge publique en Europe - Kempower","robots":{"index":"index","follow":"follow","max-snippet":"max-snippet:-1","max-image-preview":"max-image-preview:large","max-video-preview":"max-video-preview:-1"},"canonical":"https:\/\/kempower.com\/fr\/whitepaper\/letat-de-la-recharge-publique-en-europe\/","og_locale":"fr_FR","og_type":"article","og_title":"L'\u00e9tat de la recharge publique en Europe","og_url":"https:\/\/kempower.com\/fr\/whitepaper\/letat-de-la-recharge-publique-en-europe\/","og_site_name":"Kempower","article_publisher":"https:\/\/www.facebook.com\/kempowerfi\/","article_modified_time":"2026-08-31T14:14:26+00:00","og_image":[{"width":1199,"height":800,"url":"https:\/\/kempower.com\/wp-content\/uploads\/2026\/04\/kempower_july2025_emrc-8.jpg","type":"image\/jpeg"}],"twitter_card":"summary_large_image","twitter_site":"@kempoweroyj","twitter_misc":{"Dur\u00e9e de lecture estim\u00e9e":"4 minutes"},"schema":{"@context":"https:\/\/schema.org","@graph":[{"@type":"WebPage","@id":"https:\/\/kempower.com\/fr\/whitepaper\/letat-de-la-recharge-publique-en-europe\/","url":"https:\/\/kempower.com\/fr\/whitepaper\/letat-de-la-recharge-publique-en-europe\/","name":"L'\u00e9tat de la recharge publique en Europe - Kempower","isPartOf":{"@id":"https:\/\/kempower.com\/fr\/#website"},"primaryImageOfPage":{"@id":"https:\/\/kempower.com\/fr\/whitepaper\/letat-de-la-recharge-publique-en-europe\/#primaryimage"},"image":{"@id":"https:\/\/kempower.com\/fr\/whitepaper\/letat-de-la-recharge-publique-en-europe\/#primaryimage"},"thumbnailUrl":"https:\/\/earj6jxwkhd.exactdn.com\/wp-content\/uploads\/2026\/04\/kempower_july2025_emrc-8.jpg?strip=all","datePublished":"2026-08-31T14:14:25+00:00","dateModified":"2026-08-31T14:14:26+00:00","breadcrumb":{"@id":"https:\/\/kempower.com\/fr\/whitepaper\/letat-de-la-recharge-publique-en-europe\/#breadcrumb"},"inLanguage":"fr-FR","potentialAction":[{"@type":"ReadAction","target":["https:\/\/kempower.com\/fr\/whitepaper\/letat-de-la-recharge-publique-en-europe\/"]}]},{"@type":"ImageObject","inLanguage":"fr-FR","@id":"https:\/\/kempower.com\/fr\/whitepaper\/letat-de-la-recharge-publique-en-europe\/#primaryimage","url":"https:\/\/earj6jxwkhd.exactdn.com\/wp-content\/uploads\/2026\/04\/kempower_july2025_emrc-8.jpg?strip=all","contentUrl":"https:\/\/earj6jxwkhd.exactdn.com\/wp-content\/uploads\/2026\/04\/kempower_july2025_emrc-8.jpg?strip=all","width":1199,"height":800},{"@type":"BreadcrumbList","@id":"https:\/\/kempower.com\/fr\/whitepaper\/letat-de-la-recharge-publique-en-europe\/#breadcrumb","itemListElement":[{"@type":"ListItem","position":1,"name":"Home","item":"https:\/\/kempower.com\/fr\/"},{"@type":"ListItem","position":2,"name":"L&#8217;\u00e9tat de la recharge publique en Europe"}]},{"@type":"WebSite","@id":"https:\/\/kempower.com\/fr\/#website","url":"https:\/\/kempower.com\/fr\/","name":"Kempower","description":"Powering Planet Cool","publisher":{"@id":"https:\/\/kempower.com\/fr\/#organization"},"potentialAction":[{"@type":"SearchAction","target":{"@type":"EntryPoint","urlTemplate":"https:\/\/kempower.com\/fr\/?s={search_term_string}"},"query-input":{"@type":"PropertyValueSpecification","valueRequired":true,"valueName":"search_term_string"}}],"inLanguage":"fr-FR"},{"@type":"Organization","@id":"https:\/\/kempower.com\/fr\/#organization","name":"Kempower Oy","alternateName":"Kempower","url":"https:\/\/kempower.com\/fr\/","logo":{"@type":"ImageObject","inLanguage":"fr-FR","@id":"https:\/\/kempower.com\/fr\/#\/schema\/logo\/image\/","url":"https:\/\/earj6jxwkhd.exactdn.com\/wp-content\/uploads\/2024\/04\/kp-logo-orangelarge.svg","contentUrl":"https:\/\/earj6jxwkhd.exactdn.com\/wp-content\/uploads\/2024\/04\/kp-logo-orangelarge.svg","width":696,"height":697,"caption":"Kempower Oy"},"image":{"@id":"https:\/\/kempower.com\/fr\/#\/schema\/logo\/image\/"},"sameAs":["https:\/\/www.facebook.com\/kempowerfi\/","https:\/\/x.com\/kempoweroyj"]}]}},"post_thumbnail_url":"https:\/\/earj6jxwkhd.exactdn.com\/wp-content\/uploads\/2026\/04\/kempower_july2025_emrc-8-1024x683.jpg?strip=all","_links":{"self":[{"href":"https:\/\/kempower.com\/fr\/wp-json\/wp\/v2\/whitepaper\/93969","targetHints":{"allow":["GET"]}}],"collection":[{"href":"https:\/\/kempower.com\/fr\/wp-json\/wp\/v2\/whitepaper"}],"about":[{"href":"https:\/\/kempower.com\/fr\/wp-json\/wp\/v2\/types\/whitepaper"}],"version-history":[{"count":4,"href":"https:\/\/kempower.com\/fr\/wp-json\/wp\/v2\/whitepaper\/93969\/revisions"}],"predecessor-version":[{"id":93973,"href":"https:\/\/kempower.com\/fr\/wp-json\/wp\/v2\/whitepaper\/93969\/revisions\/93973"}],"wp:featuredmedia":[{"embeddable":true,"href":"https:\/\/kempower.com\/fr\/wp-json\/wp\/v2\/media\/90868"}],"wp:attachment":[{"href":"https:\/\/kempower.com\/fr\/wp-json\/wp\/v2\/media?parent=93969"}],"wp:term":[{"taxonomy":"post_tag","embeddable":true,"href":"https:\/\/kempower.com\/fr\/wp-json\/wp\/v2\/tags?post=93969"}],"curies":[{"name":"wp","href":"https:\/\/api.w.org\/{rel}","templated":true}]}}